{"id":198,"date":"2019-07-12T04:49:34","date_gmt":"2019-07-12T04:49:34","guid":{"rendered":"https:\/\/www.fotografiadereciennacido.com\/?page_id=198"},"modified":"2019-07-12T04:49:36","modified_gmt":"2019-07-12T04:49:36","slug":"por-que-una-sesion-de-recien-nacido","status":"publish","type":"page","link":"https:\/\/www.fotografiadereciennacido.com\/index.php\/por-que-una-sesion-de-recien-nacido\/","title":{"rendered":"\u00bfPor qu\u00e9 realizar una sesi\u00f3n de reci\u00e9n nacido?"},"content":{"rendered":"\n<p>Una nueva vida es algo maravilloso y hermoso de atestiguar.\nEsa nueva vida que provino de nosotros nos afectar\u00e1 de un modo m\u00e1s profundo al\nque en realidad se espera. De repente alcanzamos un conocimiento y un amor que\nnunca antes hab\u00edamos experimentado y que no cre\u00edamos posible. Este amor as\u00ed\ncomo el beb\u00e9 ir\u00e1n creciendo a pasos agigantados.<\/p>\n\n\n\n<p>Los primeros meses de vida de su bebe ser\u00e1 un torbellino de cambios y &nbsp;a medida que crece tu beb\u00e9 tambi\u00e9n lo ir\u00e1s haciendo tu como padre y en un abrir y cerrar de ojos habran pasado un monton de etapas que no has podido registrar porque siempre estabas muy ocupado con tu bebe, buscando darle lo mejor y tratando de disfutarlo cada segundo. Seguramente les han podido hacer fotos robadas, quiz\u00e1s de su primer ba\u00f1o, quiz\u00e1s de sus primeros pasos, pero fotos r\u00e1pidas, porque s\u00ed, ustedes estaban concentrados en su beb\u00e9 del otro lado de la c\u00e1mara.<\/p>\n\n\n\n<figure class=\"wp-block-image\"><img loading=\"lazy\" decoding=\"async\" width=\"1024\" height=\"684\" src=\"https:\/\/www.fotografiadereciennacido.com\/wp-content\/uploads\/2019\/07\/Sesi\u00f3n-Reci\u00e9n-Nacido-Benjamin-38-fabo-1-1024x684.jpg\" alt=\"\" class=\"wp-image-199\" srcset=\"https:\/\/www.fotografiadereciennacido.com\/wp-content\/uploads\/2019\/07\/Sesi\u00f3n-Reci\u00e9n-Nacido-Benjamin-38-fabo-1-1024x684.jpg 1024w, https:\/\/www.fotografiadereciennacido.com\/wp-content\/uploads\/2019\/07\/Sesi\u00f3n-Reci\u00e9n-Nacido-Benjamin-38-fabo-1-600x401.jpg 600w, https:\/\/www.fotografiadereciennacido.com\/wp-content\/uploads\/2019\/07\/Sesi\u00f3n-Reci\u00e9n-Nacido-Benjamin-38-fabo-1-300x200.jpg 300w, https:\/\/www.fotografiadereciennacido.com\/wp-content\/uploads\/2019\/07\/Sesi\u00f3n-Reci\u00e9n-Nacido-Benjamin-38-fabo-1-768x513.jpg 768w, https:\/\/www.fotografiadereciennacido.com\/wp-content\/uploads\/2019\/07\/Sesi\u00f3n-Reci\u00e9n-Nacido-Benjamin-38-fabo-1-272x182.jpg 272w\" sizes=\"(max-width: 1024px) 100vw, 1024px\" \/><\/figure>\n\n\n\n<p>Y va a llegar un momento en el que vas a querer recordar\ncuando tu beb\u00e9 era una mini-persona, uno de tus mayores deseos ser\u00e1 volver a esa\netapa, y ah\u00ed es donde nosotros somos parte. Es por eso que la fotograf\u00eda de\nreci\u00e9n nacidos es tan importante. Es la que puede volver realidad tus deseos.<\/p>\n\n\n\n<p>Todos sabemos, ya sea por experiencia o por lo que hemos escuchado o le\u00eddo que\ncuidar de un reci\u00e9n nacido es un trabajo dif\u00edcil.&nbsp;Esas primeras noches sin\ndormir te dejar\u00e1n totalmente desconcertado, y los primeros meses se pasar\u00e1n en\nun abrir y cerrar de ojos. Una sesi\u00f3n de reci\u00e9n nacido actuar\u00e1 como una parate\ny una contemplaci\u00f3n a su nuevo beb\u00e9. Ser\u00e1 un respiro donde pueden disminuir la\nvelocidad, detenerse y realmente observar la belleza de su nuevo integrante.&nbsp;Es\nun momento realmente especial en el que pueden sentarse y observar c\u00f3mo se crea\nun set maravilloso, con su beb\u00e9 como la pieza central. Es el descanso que necesita\ny la atenci\u00f3n que merece su reci\u00e9n nacido todo en una sesi\u00f3n.<\/p>\n\n\n\n<p>Si bien capturar el momento y darte un descanso son importantes, crear un recuerdo \u00fanico es definitivamente la raz\u00f3n m\u00e1s importante para tener una sesi\u00f3n profesional de reci\u00e9n nacidos.&nbsp;Es, literalmente, un evento \u00fanico en la vida, y solo hay unos peque\u00f1os d\u00edas para poder realizarlo, pero vale la pena el esfuerzo de poder recordar esos detalles para siempre.&nbsp;Nuestra memoria se nubla con el tiempo, pero esas fotos de tu peque se mantendr\u00e1n intactas para que puedas recordar todo incluso cuando sean adultos.<\/p>\n\n\n\n<figure class=\"wp-block-image\"><img loading=\"lazy\" decoding=\"async\" width=\"1024\" height=\"684\" src=\"https:\/\/www.fotografiadereciennacido.com\/wp-content\/uploads\/2019\/07\/Sesi\u00f3n-Reci\u00e9n-Nacida-Renata-41-1-1024x684.jpg\" alt=\"\" class=\"wp-image-203\" srcset=\"https:\/\/www.fotografiadereciennacido.com\/wp-content\/uploads\/2019\/07\/Sesi\u00f3n-Reci\u00e9n-Nacida-Renata-41-1-1024x684.jpg 1024w, https:\/\/www.fotografiadereciennacido.com\/wp-content\/uploads\/2019\/07\/Sesi\u00f3n-Reci\u00e9n-Nacida-Renata-41-1-600x401.jpg 600w, https:\/\/www.fotografiadereciennacido.com\/wp-content\/uploads\/2019\/07\/Sesi\u00f3n-Reci\u00e9n-Nacida-Renata-41-1-300x200.jpg 300w, https:\/\/www.fotografiadereciennacido.com\/wp-content\/uploads\/2019\/07\/Sesi\u00f3n-Reci\u00e9n-Nacida-Renata-41-1-768x513.jpg 768w, https:\/\/www.fotografiadereciennacido.com\/wp-content\/uploads\/2019\/07\/Sesi\u00f3n-Reci\u00e9n-Nacida-Renata-41-1-272x182.jpg 272w\" sizes=\"(max-width: 1024px) 100vw, 1024px\" \/><\/figure>\n\n\n\n<p>Durante la sesi\u00f3n podr\u00e1n realizar un mont\u00f3n de cosas que no han podido\nhacer en la locura de los primeros d\u00edas. Desde tomar mate y contestar mensajes\nhasta mirarle cada detallecito a su beb\u00e9. Esos detallecitos que estaban tapados\nbajo las cinco mantas que les ponemos para asegurarnos que est\u00e9n calentitos. En\nla sesi\u00f3n pueden estar a mi lado viendo como trabajo, pero tambi\u00e9n pueden\nsentarse y disfrutar de su momento. Tal vez el \u00fanico en que han podido estar pr\u00e1cticamente\na solas con su beb\u00e9 o con ustedes mismos. Sus peques estar\u00e1n excelentemente\ncuidados, pueden estar tranquilos.<\/p>\n\n\n\n<p>Ser fot\u00f3grafa infantil y sobretodo de reci\u00e9n nacidos es de las cosas m\u00e1s\nlindas que puedo haber decidido estudiar y hacer. Me encanta conocer a cada\nfamilia, desde sus maternales, sus reci\u00e9n nacido, las etapas del beb\u00e9 hasta\nllegar al a\u00f1o, su festejo y luego la llegada de hermanitos y continuar el ciclo\nuna y mil veces hasta que mis clientes sean adultos.<\/p>\n\n\n\n<p><br> Agendar una sesi\u00f3n de reci\u00e9n nacido conmigo es crearse ese d\u00eda, esas horas en su d\u00eda para descansar y contemplar lo hermoso de su beb\u00e9.<\/p>\n\n\n\n<figure class=\"wp-block-image\"><img loading=\"lazy\" decoding=\"async\" width=\"1024\" height=\"684\" src=\"https:\/\/www.fotografiadereciennacido.com\/wp-content\/uploads\/2019\/07\/Reci\u00e9n-Nacida-Maia-104-1-1024x684.jpg\" alt=\"\" class=\"wp-image-202\" srcset=\"https:\/\/www.fotografiadereciennacido.com\/wp-content\/uploads\/2019\/07\/Reci\u00e9n-Nacida-Maia-104-1-1024x684.jpg 1024w, https:\/\/www.fotografiadereciennacido.com\/wp-content\/uploads\/2019\/07\/Reci\u00e9n-Nacida-Maia-104-1-600x401.jpg 600w, https:\/\/www.fotografiadereciennacido.com\/wp-content\/uploads\/2019\/07\/Reci\u00e9n-Nacida-Maia-104-1-300x200.jpg 300w, https:\/\/www.fotografiadereciennacido.com\/wp-content\/uploads\/2019\/07\/Reci\u00e9n-Nacida-Maia-104-1-768x513.jpg 768w, https:\/\/www.fotografiadereciennacido.com\/wp-content\/uploads\/2019\/07\/Reci\u00e9n-Nacida-Maia-104-1-272x182.jpg 272w\" sizes=\"(max-width: 1024px) 100vw, 1024px\" \/><\/figure>\n\n\n\n<div class=\"wp-block-image\"><figure class=\"aligncenter\"><img loading=\"lazy\" decoding=\"async\" width=\"300\" height=\"190\" src=\"https:\/\/www.fotografiadereciennacido.com\/wp-content\/uploads\/2019\/07\/Eloisa_Roquero_1-300x190.png\" alt=\"\" class=\"wp-image-200\" srcset=\"https:\/\/www.fotografiadereciennacido.com\/wp-content\/uploads\/2019\/07\/Eloisa_Roquero_1-300x190.png 300w, https:\/\/www.fotografiadereciennacido.com\/wp-content\/uploads\/2019\/07\/Eloisa_Roquero_1-600x380.png 600w, https:\/\/www.fotografiadereciennacido.com\/wp-content\/uploads\/2019\/07\/Eloisa_Roquero_1-768x486.png 768w, https:\/\/www.fotografiadereciennacido.com\/wp-content\/uploads\/2019\/07\/Eloisa_Roquero_1-1024x648.png 1024w\" sizes=\"(max-width: 300px) 100vw, 300px\" \/><\/figure><\/div>\n","protected":false},"excerpt":{"rendered":"<p>Una nueva vida es algo maravilloso y hermoso de atestiguar. Esa nueva vida que provino de nosotros nos afectar\u00e1 de un modo m\u00e1s profundo al que en realidad se espera. De repente alcanzamos un conocimiento y un amor que nunca antes hab\u00edamos experimentado y que no cre\u00edamos posible. Este amor as\u00ed como el beb\u00e9 ir\u00e1n [&hellip;]<\/p>\n","protected":false},"author":1,"featured_media":0,"parent":0,"menu_order":0,"comment_status":"closed","ping_status":"closed","template":"","meta":{"footnotes":""},"yoast_head":"<!-- This site is optimized with the Yoast SEO plugin v22.9 - https:\/\/yoast.com\/wordpress\/plugins\/seo\/ -->\n<title>\u00bfPor qu\u00e9 realizar una sesi\u00f3n de reci\u00e9n nacido?<\/title>\n<meta name=\"description\" content=\"Una nueva vida es algo maravilloso y hermoso de atestiguar. Esa nueva vida que provino de nosotros nos afectar\u00e1 de un modo m\u00e1s profundo al que en realidad\" \/>\n<meta name=\"robots\" content=\"index, follow, max-snippet:-1, max-image-preview:large, max-video-preview:-1\" \/>\n<link rel=\"canonical\" href=\"https:\/\/www.fotografiadereciennacido.com\/index.php\/por-que-una-sesion-de-recien-nacido\/\" \/>\n<meta property=\"og:locale\" content=\"es_ES\" \/>\n<meta property=\"og:type\" content=\"article\" \/>\n<meta property=\"og:title\" content=\"\u00bfPor qu\u00e9 realizar una sesi\u00f3n de reci\u00e9n nacido?\" \/>\n<meta property=\"og:description\" content=\"Una nueva vida es algo maravilloso y hermoso de atestiguar. Esa nueva vida que provino de nosotros nos afectar\u00e1 de un modo m\u00e1s profundo al que en realidad\" \/>\n<meta property=\"og:url\" content=\"https:\/\/www.fotografiadereciennacido.com\/index.php\/por-que-una-sesion-de-recien-nacido\/\" \/>\n<meta property=\"og:site_name\" content=\"Elo&iacute;sa Roquero Fotograf&iacute;a\" \/>\n<meta property=\"article:modified_time\" content=\"2019-07-12T04:49:36+00:00\" \/>\n<meta property=\"og:image\" content=\"https:\/\/www.fotografiadereciennacido.com\/wp-content\/uploads\/2019\/07\/Eloisa_Roquero_1-300x190.png\" \/>\n<meta name=\"twitter:card\" content=\"summary_large_image\" \/>\n<meta name=\"twitter:label1\" content=\"Tiempo de lectura\" \/>\n\t<meta name=\"twitter:data1\" content=\"3 minutos\" \/>\n<script type=\"application\/ld+json\" class=\"yoast-schema-graph\">{\"@context\":\"https:\/\/schema.org\",\"@graph\":[{\"@type\":\"WebPage\",\"@id\":\"https:\/\/www.fotografiadereciennacido.com\/index.php\/por-que-una-sesion-de-recien-nacido\/\",\"url\":\"https:\/\/www.fotografiadereciennacido.com\/index.php\/por-que-una-sesion-de-recien-nacido\/\",\"name\":\"\u00bfPor qu\u00e9 realizar una sesi\u00f3n de reci\u00e9n nacido?\",\"isPartOf\":{\"@id\":\"https:\/\/www.fotografiadereciennacido.com\/#website\"},\"primaryImageOfPage\":{\"@id\":\"https:\/\/www.fotografiadereciennacido.com\/index.php\/por-que-una-sesion-de-recien-nacido\/#primaryimage\"},\"image\":{\"@id\":\"https:\/\/www.fotografiadereciennacido.com\/index.php\/por-que-una-sesion-de-recien-nacido\/#primaryimage\"},\"thumbnailUrl\":\"https:\/\/www.fotografiadereciennacido.com\/wp-content\/uploads\/2019\/07\/Eloisa_Roquero_1-300x190.png\",\"datePublished\":\"2019-07-12T04:49:34+00:00\",\"dateModified\":\"2019-07-12T04:49:36+00:00\",\"description\":\"Una nueva vida es algo maravilloso y hermoso de atestiguar. Esa nueva vida que provino de nosotros nos afectar\u00e1 de un modo m\u00e1s profundo al que en realidad\",\"breadcrumb\":{\"@id\":\"https:\/\/www.fotografiadereciennacido.com\/index.php\/por-que-una-sesion-de-recien-nacido\/#breadcrumb\"},\"inLanguage\":\"es\",\"potentialAction\":[{\"@type\":\"ReadAction\",\"target\":[\"https:\/\/www.fotografiadereciennacido.com\/index.php\/por-que-una-sesion-de-recien-nacido\/\"]}]},{\"@type\":\"ImageObject\",\"inLanguage\":\"es\",\"@id\":\"https:\/\/www.fotografiadereciennacido.com\/index.php\/por-que-una-sesion-de-recien-nacido\/#primaryimage\",\"url\":\"https:\/\/www.fotografiadereciennacido.com\/wp-content\/uploads\/2019\/07\/Eloisa_Roquero_1.png\",\"contentUrl\":\"https:\/\/www.fotografiadereciennacido.com\/wp-content\/uploads\/2019\/07\/Eloisa_Roquero_1.png\",\"width\":2400,\"height\":1519},{\"@type\":\"BreadcrumbList\",\"@id\":\"https:\/\/www.fotografiadereciennacido.com\/index.php\/por-que-una-sesion-de-recien-nacido\/#breadcrumb\",\"itemListElement\":[{\"@type\":\"ListItem\",\"position\":1,\"name\":\"Portada\",\"item\":\"https:\/\/www.fotografiadereciennacido.com\/\"},{\"@type\":\"ListItem\",\"position\":2,\"name\":\"\u00bfPor qu\u00e9 realizar una sesi\u00f3n de reci\u00e9n nacido?\"}]},{\"@type\":\"WebSite\",\"@id\":\"https:\/\/www.fotografiadereciennacido.com\/#website\",\"url\":\"https:\/\/www.fotografiadereciennacido.com\/\",\"name\":\"Elo\u00edsa Roquero Fotograf\u00eda\",\"description\":\"Fotograf&iacute;a Infantil en San Jos&eacute; de Mayo\",\"publisher\":{\"@id\":\"https:\/\/www.fotografiadereciennacido.com\/#\/schema\/person\/85f22c1d782294d6ff0beb11f09b368c\"},\"potentialAction\":[{\"@type\":\"SearchAction\",\"target\":{\"@type\":\"EntryPoint\",\"urlTemplate\":\"https:\/\/www.fotografiadereciennacido.com\/?s={search_term_string}\"},\"query-input\":\"required name=search_term_string\"}],\"inLanguage\":\"es\"},{\"@type\":[\"Person\",\"Organization\"],\"@id\":\"https:\/\/www.fotografiadereciennacido.com\/#\/schema\/person\/85f22c1d782294d6ff0beb11f09b368c\",\"name\":\"admin\",\"image\":{\"@type\":\"ImageObject\",\"inLanguage\":\"es\",\"@id\":\"https:\/\/www.fotografiadereciennacido.com\/#\/schema\/person\/image\/\",\"url\":\"https:\/\/secure.gravatar.com\/avatar\/7fe5df0765ebcb75c457e93ea01d8886?s=96&d=mm&r=g\",\"contentUrl\":\"https:\/\/secure.gravatar.com\/avatar\/7fe5df0765ebcb75c457e93ea01d8886?s=96&d=mm&r=g\",\"caption\":\"admin\"},\"logo\":{\"@id\":\"https:\/\/www.fotografiadereciennacido.com\/#\/schema\/person\/image\/\"}}]}<\/script>\n<!-- \/ Yoast SEO plugin. -->","yoast_head_json":{"title":"\u00bfPor qu\u00e9 realizar una sesi\u00f3n de reci\u00e9n nacido?","description":"Una nueva vida es algo maravilloso y hermoso de atestiguar. Esa nueva vida que provino de nosotros nos afectar\u00e1 de un modo m\u00e1s profundo al que en realidad","robots":{"index":"index","follow":"follow","max-snippet":"max-snippet:-1","max-image-preview":"max-image-preview:large","max-video-preview":"max-video-preview:-1"},"canonical":"https:\/\/www.fotografiadereciennacido.com\/index.php\/por-que-una-sesion-de-recien-nacido\/","og_locale":"es_ES","og_type":"article","og_title":"\u00bfPor qu\u00e9 realizar una sesi\u00f3n de reci\u00e9n nacido?","og_description":"Una nueva vida es algo maravilloso y hermoso de atestiguar. Esa nueva vida que provino de nosotros nos afectar\u00e1 de un modo m\u00e1s profundo al que en realidad","og_url":"https:\/\/www.fotografiadereciennacido.com\/index.php\/por-que-una-sesion-de-recien-nacido\/","og_site_name":"Elo&iacute;sa Roquero Fotograf&iacute;a","article_modified_time":"2019-07-12T04:49:36+00:00","og_image":[{"url":"https:\/\/www.fotografiadereciennacido.com\/wp-content\/uploads\/2019\/07\/Eloisa_Roquero_1-300x190.png"}],"twitter_card":"summary_large_image","twitter_misc":{"Tiempo de lectura":"3 minutos"},"schema":{"@context":"https:\/\/schema.org","@graph":[{"@type":"WebPage","@id":"https:\/\/www.fotografiadereciennacido.com\/index.php\/por-que-una-sesion-de-recien-nacido\/","url":"https:\/\/www.fotografiadereciennacido.com\/index.php\/por-que-una-sesion-de-recien-nacido\/","name":"\u00bfPor qu\u00e9 realizar una sesi\u00f3n de reci\u00e9n nacido?","isPartOf":{"@id":"https:\/\/www.fotografiadereciennacido.com\/#website"},"primaryImageOfPage":{"@id":"https:\/\/www.fotografiadereciennacido.com\/index.php\/por-que-una-sesion-de-recien-nacido\/#primaryimage"},"image":{"@id":"https:\/\/www.fotografiadereciennacido.com\/index.php\/por-que-una-sesion-de-recien-nacido\/#primaryimage"},"thumbnailUrl":"https:\/\/www.fotografiadereciennacido.com\/wp-content\/uploads\/2019\/07\/Eloisa_Roquero_1-300x190.png","datePublished":"2019-07-12T04:49:34+00:00","dateModified":"2019-07-12T04:49:36+00:00","description":"Una nueva vida es algo maravilloso y hermoso de atestiguar. Esa nueva vida que provino de nosotros nos afectar\u00e1 de un modo m\u00e1s profundo al que en realidad","breadcrumb":{"@id":"https:\/\/www.fotografiadereciennacido.com\/index.php\/por-que-una-sesion-de-recien-nacido\/#breadcrumb"},"inLanguage":"es","potentialAction":[{"@type":"ReadAction","target":["https:\/\/www.fotografiadereciennacido.com\/index.php\/por-que-una-sesion-de-recien-nacido\/"]}]},{"@type":"ImageObject","inLanguage":"es","@id":"https:\/\/www.fotografiadereciennacido.com\/index.php\/por-que-una-sesion-de-recien-nacido\/#primaryimage","url":"https:\/\/www.fotografiadereciennacido.com\/wp-content\/uploads\/2019\/07\/Eloisa_Roquero_1.png","contentUrl":"https:\/\/www.fotografiadereciennacido.com\/wp-content\/uploads\/2019\/07\/Eloisa_Roquero_1.png","width":2400,"height":1519},{"@type":"BreadcrumbList","@id":"https:\/\/www.fotografiadereciennacido.com\/index.php\/por-que-una-sesion-de-recien-nacido\/#breadcrumb","itemListElement":[{"@type":"ListItem","position":1,"name":"Portada","item":"https:\/\/www.fotografiadereciennacido.com\/"},{"@type":"ListItem","position":2,"name":"\u00bfPor qu\u00e9 realizar una sesi\u00f3n de reci\u00e9n nacido?"}]},{"@type":"WebSite","@id":"https:\/\/www.fotografiadereciennacido.com\/#website","url":"https:\/\/www.fotografiadereciennacido.com\/","name":"Elo\u00edsa Roquero Fotograf\u00eda","description":"Fotograf&iacute;a Infantil en San Jos&eacute; de Mayo","publisher":{"@id":"https:\/\/www.fotografiadereciennacido.com\/#\/schema\/person\/85f22c1d782294d6ff0beb11f09b368c"},"potentialAction":[{"@type":"SearchAction","target":{"@type":"EntryPoint","urlTemplate":"https:\/\/www.fotografiadereciennacido.com\/?s={search_term_string}"},"query-input":"required name=search_term_string"}],"inLanguage":"es"},{"@type":["Person","Organization"],"@id":"https:\/\/www.fotografiadereciennacido.com\/#\/schema\/person\/85f22c1d782294d6ff0beb11f09b368c","name":"admin","image":{"@type":"ImageObject","inLanguage":"es","@id":"https:\/\/www.fotografiadereciennacido.com\/#\/schema\/person\/image\/","url":"https:\/\/secure.gravatar.com\/avatar\/7fe5df0765ebcb75c457e93ea01d8886?s=96&d=mm&r=g","contentUrl":"https:\/\/secure.gravatar.com\/avatar\/7fe5df0765ebcb75c457e93ea01d8886?s=96&d=mm&r=g","caption":"admin"},"logo":{"@id":"https:\/\/www.fotografiadereciennacido.com\/#\/schema\/person\/image\/"}}]}},"_links":{"self":[{"href":"https:\/\/www.fotografiadereciennacido.com\/index.php\/wp-json\/wp\/v2\/pages\/198"}],"collection":[{"href":"https:\/\/www.fotografiadereciennacido.com\/index.php\/wp-json\/wp\/v2\/pages"}],"about":[{"href":"https:\/\/www.fotografiadereciennacido.com\/index.php\/wp-json\/wp\/v2\/types\/page"}],"author":[{"embeddable":true,"href":"https:\/\/www.fotografiadereciennacido.com\/index.php\/wp-json\/wp\/v2\/users\/1"}],"replies":[{"embeddable":true,"href":"https:\/\/www.fotografiadereciennacido.com\/index.php\/wp-json\/wp\/v2\/comments?post=198"}],"version-history":[{"count":2,"href":"https:\/\/www.fotografiadereciennacido.com\/index.php\/wp-json\/wp\/v2\/pages\/198\/revisions"}],"predecessor-version":[{"id":205,"href":"https:\/\/www.fotografiadereciennacido.com\/index.php\/wp-json\/wp\/v2\/pages\/198\/revisions\/205"}],"wp:attachment":[{"href":"https:\/\/www.fotografiadereciennacido.com\/index.php\/wp-json\/wp\/v2\/media?parent=198"}],"curies":[{"name":"wp","href":"https:\/\/api.w.org\/{rel}","templated":true}]}}