{"id":335,"date":"2019-08-26T00:49:58","date_gmt":"2019-08-26T00:49:58","guid":{"rendered":"https:\/\/www.fotografiadereciennacido.com\/?page_id=335"},"modified":"2019-08-26T00:50:01","modified_gmt":"2019-08-26T00:50:01","slug":"5-cosas-para-aprender-de-tu-hijo-de-un-ano","status":"publish","type":"page","link":"https:\/\/www.fotografiadereciennacido.com\/index.php\/5-cosas-para-aprender-de-tu-hijo-de-un-ano\/","title":{"rendered":"5 COSAS PARA APRENDER DE TU HIJO DE UN A\u00d1O"},"content":{"rendered":"\n<p>No hay duda de que la curva de aprendizaje para los padres es empinada.\u00a0 A veces esas peque\u00f1as cosas que te hacen reir de ellos pueden hacerte olvidar de la abrumadora rutina.<\/p>\n\n\n\n<h3 class=\"wp-block-heading\">1. Nada ser\u00e1 solamente tuyo, nunca m\u00e1s.<\/h3>\n\n\n\n<p>Te convertir\u00e1s en un experto en compartir todo en poco tiempo.\u00a0No importa si es agua hirviendo, pescado o zapallo, tu hijo querr\u00e1 un poco.\u00a0Siempre.\u00a0Incluso si acaban de comer tres porciones de churrasquito, pur\u00e9, manzana, banana y haya quedado repleto.<\/p>\n\n\n\n<figure class=\"wp-block-image\"><img decoding=\"async\" src=\"https:\/\/www.fotografiadereciennacido.com\/wp-content\/uploads\/2019\/08\/Previa-al-a\u00f1o-Joaqui-317-1024x684.jpg\" alt=\"\" class=\"wp-image-336\"\/><\/figure>\n\n\n\n<h3 class=\"wp-block-heading\">2. Nunca est\u00e1s demasiado preparado.<\/h3>\n\n\n\n<p>Y no solo estoy hablando de la crianza de los hijos en general (esos peques no vienen con instrucciones).\u00a0Cada vez que preparamos a los peques para ir a pasear con sus abuelos o para un viaje de fin de semana, tratamos diferentes m\u00e9todos para evitar olvidar cualquier cosa del bolsito (como los pa\u00f1ales para el beb\u00e9, puede suceder) Pero nunca se logra.\u00a0A\u00fan si comienzas a ordenar con una semana de anticipaci\u00f3n, no lo vas a lograr.<\/p>\n\n\n\n<figure class=\"wp-block-image\"><img loading=\"lazy\" decoding=\"async\" width=\"1024\" height=\"684\" src=\"https:\/\/www.fotografiadereciennacido.com\/wp-content\/uploads\/2019\/08\/Previa-al-a\u00f1o-Renata-99-1024x684.jpg\" alt=\"\" class=\"wp-image-337\" srcset=\"https:\/\/www.fotografiadereciennacido.com\/wp-content\/uploads\/2019\/08\/Previa-al-a\u00f1o-Renata-99-1024x684.jpg 1024w, https:\/\/www.fotografiadereciennacido.com\/wp-content\/uploads\/2019\/08\/Previa-al-a\u00f1o-Renata-99-300x200.jpg 300w, https:\/\/www.fotografiadereciennacido.com\/wp-content\/uploads\/2019\/08\/Previa-al-a\u00f1o-Renata-99-768x513.jpg 768w, https:\/\/www.fotografiadereciennacido.com\/wp-content\/uploads\/2019\/08\/Previa-al-a\u00f1o-Renata-99-600x401.jpg 600w, https:\/\/www.fotografiadereciennacido.com\/wp-content\/uploads\/2019\/08\/Previa-al-a\u00f1o-Renata-99-272x182.jpg 272w\" sizes=\"(max-width: 1024px) 100vw, 1024px\" \/><\/figure>\n\n\n\n<h3 class=\"wp-block-heading\">3. \u00abNo est\u00e1, ac\u00e1 est\u00e1\u00bb es el mejor juego del condado.<\/h3>\n\n\n\n<p>Puedes cubrirte la cara con las manos o esconderte detr\u00e1s de una manta y cuando te muestres, tu beb\u00e9 pensar\u00e1 que es lo mejor del mundo. Pru\u00e9balo tambi\u00e9n con un juguete a tus espaldas.\u00a0Las alegr\u00edas simples son las mejores alegr\u00edas.\u00a0Este juego funciona tambi\u00e9n para los adultos.\u00a0O no te pasa cuando pierdes por ejemplo las llaves? Cuando aparecen frente a ti te conviertes en la persona m\u00e1s feliz del mundo por un instante. <\/p>\n\n\n\n<figure class=\"wp-block-image\"><img loading=\"lazy\" decoding=\"async\" width=\"1024\" height=\"684\" src=\"https:\/\/www.fotografiadereciennacido.com\/wp-content\/uploads\/2019\/08\/Previa-al-a\u00f1o-Joaqui-313-1024x684.jpg\" alt=\"\" class=\"wp-image-338\" srcset=\"https:\/\/www.fotografiadereciennacido.com\/wp-content\/uploads\/2019\/08\/Previa-al-a\u00f1o-Joaqui-313-1024x684.jpg 1024w, https:\/\/www.fotografiadereciennacido.com\/wp-content\/uploads\/2019\/08\/Previa-al-a\u00f1o-Joaqui-313-300x200.jpg 300w, https:\/\/www.fotografiadereciennacido.com\/wp-content\/uploads\/2019\/08\/Previa-al-a\u00f1o-Joaqui-313-768x513.jpg 768w, https:\/\/www.fotografiadereciennacido.com\/wp-content\/uploads\/2019\/08\/Previa-al-a\u00f1o-Joaqui-313-600x401.jpg 600w, https:\/\/www.fotografiadereciennacido.com\/wp-content\/uploads\/2019\/08\/Previa-al-a\u00f1o-Joaqui-313-272x182.jpg 272w\" sizes=\"(max-width: 1024px) 100vw, 1024px\" \/><\/figure>\n\n\n\n<h3 class=\"wp-block-heading\">4. Las risas de los beb\u00e9s nunca crecen.<\/h3>\n\n\n\n<p>Sobre el tema de los juegos, todo lo que tu beb\u00e9 piense que es divertido lo obligar\u00e1 a repetirlo una y otra vez.\u00a0Y otra vez.\u00a0El sonido que sale de la boca de los beb\u00e9s es sin lugar a dudas el sentimiento de felicidad moment\u00e1nea m\u00e1s natural del mundo.\u00a0Graba ese sonido ya! Esa carcajada es contagiosa, y te ayudar\u00e1 en un mal d\u00eda.<\/p>\n\n\n\n<figure class=\"wp-block-image\"><img loading=\"lazy\" decoding=\"async\" width=\"1024\" height=\"684\" src=\"https:\/\/www.fotografiadereciennacido.com\/wp-content\/uploads\/2019\/08\/Previa-al-a\u00f1o-Renata-55-1024x684.jpg\" alt=\"\" class=\"wp-image-339\" srcset=\"https:\/\/www.fotografiadereciennacido.com\/wp-content\/uploads\/2019\/08\/Previa-al-a\u00f1o-Renata-55-1024x684.jpg 1024w, https:\/\/www.fotografiadereciennacido.com\/wp-content\/uploads\/2019\/08\/Previa-al-a\u00f1o-Renata-55-300x200.jpg 300w, https:\/\/www.fotografiadereciennacido.com\/wp-content\/uploads\/2019\/08\/Previa-al-a\u00f1o-Renata-55-768x513.jpg 768w, https:\/\/www.fotografiadereciennacido.com\/wp-content\/uploads\/2019\/08\/Previa-al-a\u00f1o-Renata-55-600x400.jpg 600w, https:\/\/www.fotografiadereciennacido.com\/wp-content\/uploads\/2019\/08\/Previa-al-a\u00f1o-Renata-55-272x182.jpg 272w\" sizes=\"(max-width: 1024px) 100vw, 1024px\" \/><\/figure>\n\n\n\n<h3 class=\"wp-block-heading\">5. Nunca ser\u00e1s tan amado por nadie.<\/h3>\n\n\n\n<p>Entre las frustraciones y dificultades de la maternidad y de la paternidad, est\u00e1 el amor.\u00a0Una palabra tan simple y, sin embargo, que tiene tanto poder.\u00a0Incluso a trav\u00e9s de los gritos y el desaf\u00edo, ese ni\u00f1o realmente dice \u00abTe amo\u00bb. Los l\u00edmites son parte de esa palabra.\u00a0Nada personifica el amor incondicional como un ni\u00f1o.\u00a0Sus sentimientos se lastiman pero quieren que su mam\u00e1 o pap\u00e1 lo consuelen.\u00a0<\/p>\n\n\n\n<figure class=\"wp-block-image\"><img decoding=\"async\" src=\"https:\/\/www.fotografiadereciennacido.com\/wp-content\/uploads\/2019\/08\/Previa-al-a\u00f1o-Joaqui-263-1024x684.jpg\" alt=\"\" class=\"wp-image-341\"\/><\/figure>\n\n\n\n<p>Disfruta de estas peque\u00f1as alegr\u00edas de la vida, ya sabemos que pasan super r\u00e1pido.<\/p>\n","protected":false},"excerpt":{"rendered":"<p>No hay duda de que la curva de aprendizaje para los padres es empinada.\u00a0 A veces esas peque\u00f1as cosas que te hacen reir de ellos pueden hacerte olvidar de la abrumadora rutina. 1. Nada ser\u00e1 solamente tuyo, nunca m\u00e1s. Te convertir\u00e1s en un experto en compartir todo en poco tiempo.\u00a0No importa si es agua hirviendo, [&hellip;]<\/p>\n","protected":false},"author":1,"featured_media":0,"parent":0,"menu_order":0,"comment_status":"closed","ping_status":"closed","template":"","meta":{"footnotes":""},"yoast_head":"<!-- This site is optimized with the Yoast SEO plugin v22.9 - https:\/\/yoast.com\/wordpress\/plugins\/seo\/ -->\n<title>5 COSAS PARA APRENDER DE TU HIJO DE UN A\u00d1O<\/title>\n<meta name=\"description\" content=\"No hay duda de que la curva de aprendizaje para los padres es empinada.\u00a0 A veces esas peque\u00f1as cosas que te hacen reir de ellos pueden hacerte olvidar de\" \/>\n<meta name=\"robots\" content=\"index, follow, max-snippet:-1, max-image-preview:large, max-video-preview:-1\" \/>\n<link rel=\"canonical\" href=\"https:\/\/www.fotografiadereciennacido.com\/index.php\/5-cosas-para-aprender-de-tu-hijo-de-un-ano\/\" \/>\n<meta property=\"og:locale\" content=\"es_ES\" \/>\n<meta property=\"og:type\" content=\"article\" \/>\n<meta property=\"og:title\" content=\"5 COSAS PARA APRENDER DE TU HIJO DE UN A\u00d1O\" \/>\n<meta property=\"og:description\" content=\"No hay duda de que la curva de aprendizaje para los padres es empinada.\u00a0 A veces esas peque\u00f1as cosas que te hacen reir de ellos pueden hacerte olvidar de\" \/>\n<meta property=\"og:url\" content=\"https:\/\/www.fotografiadereciennacido.com\/index.php\/5-cosas-para-aprender-de-tu-hijo-de-un-ano\/\" \/>\n<meta property=\"og:site_name\" content=\"Elo&iacute;sa Roquero Fotograf&iacute;a\" \/>\n<meta property=\"article:modified_time\" content=\"2019-08-26T00:50:01+00:00\" \/>\n<meta name=\"twitter:card\" content=\"summary_large_image\" \/>\n<meta name=\"twitter:label1\" content=\"Tiempo de lectura\" \/>\n\t<meta name=\"twitter:data1\" content=\"2 minutos\" \/>\n<script type=\"application\/ld+json\" class=\"yoast-schema-graph\">{\"@context\":\"https:\/\/schema.org\",\"@graph\":[{\"@type\":\"WebPage\",\"@id\":\"https:\/\/www.fotografiadereciennacido.com\/index.php\/5-cosas-para-aprender-de-tu-hijo-de-un-ano\/\",\"url\":\"https:\/\/www.fotografiadereciennacido.com\/index.php\/5-cosas-para-aprender-de-tu-hijo-de-un-ano\/\",\"name\":\"5 COSAS PARA APRENDER DE TU HIJO DE UN A\u00d1O\",\"isPartOf\":{\"@id\":\"https:\/\/www.fotografiadereciennacido.com\/#website\"},\"datePublished\":\"2019-08-26T00:49:58+00:00\",\"dateModified\":\"2019-08-26T00:50:01+00:00\",\"description\":\"No hay duda de que la curva de aprendizaje para los padres es empinada.\u00a0 A veces esas peque\u00f1as cosas que te hacen reir de ellos pueden hacerte olvidar de\",\"breadcrumb\":{\"@id\":\"https:\/\/www.fotografiadereciennacido.com\/index.php\/5-cosas-para-aprender-de-tu-hijo-de-un-ano\/#breadcrumb\"},\"inLanguage\":\"es\",\"potentialAction\":[{\"@type\":\"ReadAction\",\"target\":[\"https:\/\/www.fotografiadereciennacido.com\/index.php\/5-cosas-para-aprender-de-tu-hijo-de-un-ano\/\"]}]},{\"@type\":\"BreadcrumbList\",\"@id\":\"https:\/\/www.fotografiadereciennacido.com\/index.php\/5-cosas-para-aprender-de-tu-hijo-de-un-ano\/#breadcrumb\",\"itemListElement\":[{\"@type\":\"ListItem\",\"position\":1,\"name\":\"Portada\",\"item\":\"https:\/\/www.fotografiadereciennacido.com\/\"},{\"@type\":\"ListItem\",\"position\":2,\"name\":\"5 COSAS PARA APRENDER DE TU HIJO DE UN A\u00d1O\"}]},{\"@type\":\"WebSite\",\"@id\":\"https:\/\/www.fotografiadereciennacido.com\/#website\",\"url\":\"https:\/\/www.fotografiadereciennacido.com\/\",\"name\":\"Elo\u00edsa Roquero Fotograf\u00eda\",\"description\":\"Fotograf&iacute;a Infantil en San Jos&eacute; de Mayo\",\"publisher\":{\"@id\":\"https:\/\/www.fotografiadereciennacido.com\/#\/schema\/person\/85f22c1d782294d6ff0beb11f09b368c\"},\"potentialAction\":[{\"@type\":\"SearchAction\",\"target\":{\"@type\":\"EntryPoint\",\"urlTemplate\":\"https:\/\/www.fotografiadereciennacido.com\/?s={search_term_string}\"},\"query-input\":\"required name=search_term_string\"}],\"inLanguage\":\"es\"},{\"@type\":[\"Person\",\"Organization\"],\"@id\":\"https:\/\/www.fotografiadereciennacido.com\/#\/schema\/person\/85f22c1d782294d6ff0beb11f09b368c\",\"name\":\"admin\",\"image\":{\"@type\":\"ImageObject\",\"inLanguage\":\"es\",\"@id\":\"https:\/\/www.fotografiadereciennacido.com\/#\/schema\/person\/image\/\",\"url\":\"https:\/\/secure.gravatar.com\/avatar\/7fe5df0765ebcb75c457e93ea01d8886?s=96&d=mm&r=g\",\"contentUrl\":\"https:\/\/secure.gravatar.com\/avatar\/7fe5df0765ebcb75c457e93ea01d8886?s=96&d=mm&r=g\",\"caption\":\"admin\"},\"logo\":{\"@id\":\"https:\/\/www.fotografiadereciennacido.com\/#\/schema\/person\/image\/\"}}]}<\/script>\n<!-- \/ Yoast SEO plugin. -->","yoast_head_json":{"title":"5 COSAS PARA APRENDER DE TU HIJO DE UN A\u00d1O","description":"No hay duda de que la curva de aprendizaje para los padres es empinada.\u00a0 A veces esas peque\u00f1as cosas que te hacen reir de ellos pueden hacerte olvidar de","robots":{"index":"index","follow":"follow","max-snippet":"max-snippet:-1","max-image-preview":"max-image-preview:large","max-video-preview":"max-video-preview:-1"},"canonical":"https:\/\/www.fotografiadereciennacido.com\/index.php\/5-cosas-para-aprender-de-tu-hijo-de-un-ano\/","og_locale":"es_ES","og_type":"article","og_title":"5 COSAS PARA APRENDER DE TU HIJO DE UN A\u00d1O","og_description":"No hay duda de que la curva de aprendizaje para los padres es empinada.\u00a0 A veces esas peque\u00f1as cosas que te hacen reir de ellos pueden hacerte olvidar de","og_url":"https:\/\/www.fotografiadereciennacido.com\/index.php\/5-cosas-para-aprender-de-tu-hijo-de-un-ano\/","og_site_name":"Elo&iacute;sa Roquero Fotograf&iacute;a","article_modified_time":"2019-08-26T00:50:01+00:00","twitter_card":"summary_large_image","twitter_misc":{"Tiempo de lectura":"2 minutos"},"schema":{"@context":"https:\/\/schema.org","@graph":[{"@type":"WebPage","@id":"https:\/\/www.fotografiadereciennacido.com\/index.php\/5-cosas-para-aprender-de-tu-hijo-de-un-ano\/","url":"https:\/\/www.fotografiadereciennacido.com\/index.php\/5-cosas-para-aprender-de-tu-hijo-de-un-ano\/","name":"5 COSAS PARA APRENDER DE TU HIJO DE UN A\u00d1O","isPartOf":{"@id":"https:\/\/www.fotografiadereciennacido.com\/#website"},"datePublished":"2019-08-26T00:49:58+00:00","dateModified":"2019-08-26T00:50:01+00:00","description":"No hay duda de que la curva de aprendizaje para los padres es empinada.\u00a0 A veces esas peque\u00f1as cosas que te hacen reir de ellos pueden hacerte olvidar de","breadcrumb":{"@id":"https:\/\/www.fotografiadereciennacido.com\/index.php\/5-cosas-para-aprender-de-tu-hijo-de-un-ano\/#breadcrumb"},"inLanguage":"es","potentialAction":[{"@type":"ReadAction","target":["https:\/\/www.fotografiadereciennacido.com\/index.php\/5-cosas-para-aprender-de-tu-hijo-de-un-ano\/"]}]},{"@type":"BreadcrumbList","@id":"https:\/\/www.fotografiadereciennacido.com\/index.php\/5-cosas-para-aprender-de-tu-hijo-de-un-ano\/#breadcrumb","itemListElement":[{"@type":"ListItem","position":1,"name":"Portada","item":"https:\/\/www.fotografiadereciennacido.com\/"},{"@type":"ListItem","position":2,"name":"5 COSAS PARA APRENDER DE TU HIJO DE UN A\u00d1O"}]},{"@type":"WebSite","@id":"https:\/\/www.fotografiadereciennacido.com\/#website","url":"https:\/\/www.fotografiadereciennacido.com\/","name":"Elo\u00edsa Roquero Fotograf\u00eda","description":"Fotograf&iacute;a Infantil en San Jos&eacute; de Mayo","publisher":{"@id":"https:\/\/www.fotografiadereciennacido.com\/#\/schema\/person\/85f22c1d782294d6ff0beb11f09b368c"},"potentialAction":[{"@type":"SearchAction","target":{"@type":"EntryPoint","urlTemplate":"https:\/\/www.fotografiadereciennacido.com\/?s={search_term_string}"},"query-input":"required name=search_term_string"}],"inLanguage":"es"},{"@type":["Person","Organization"],"@id":"https:\/\/www.fotografiadereciennacido.com\/#\/schema\/person\/85f22c1d782294d6ff0beb11f09b368c","name":"admin","image":{"@type":"ImageObject","inLanguage":"es","@id":"https:\/\/www.fotografiadereciennacido.com\/#\/schema\/person\/image\/","url":"https:\/\/secure.gravatar.com\/avatar\/7fe5df0765ebcb75c457e93ea01d8886?s=96&d=mm&r=g","contentUrl":"https:\/\/secure.gravatar.com\/avatar\/7fe5df0765ebcb75c457e93ea01d8886?s=96&d=mm&r=g","caption":"admin"},"logo":{"@id":"https:\/\/www.fotografiadereciennacido.com\/#\/schema\/person\/image\/"}}]}},"_links":{"self":[{"href":"https:\/\/www.fotografiadereciennacido.com\/index.php\/wp-json\/wp\/v2\/pages\/335"}],"collection":[{"href":"https:\/\/www.fotografiadereciennacido.com\/index.php\/wp-json\/wp\/v2\/pages"}],"about":[{"href":"https:\/\/www.fotografiadereciennacido.com\/index.php\/wp-json\/wp\/v2\/types\/page"}],"author":[{"embeddable":true,"href":"https:\/\/www.fotografiadereciennacido.com\/index.php\/wp-json\/wp\/v2\/users\/1"}],"replies":[{"embeddable":true,"href":"https:\/\/www.fotografiadereciennacido.com\/index.php\/wp-json\/wp\/v2\/comments?post=335"}],"version-history":[{"count":1,"href":"https:\/\/www.fotografiadereciennacido.com\/index.php\/wp-json\/wp\/v2\/pages\/335\/revisions"}],"predecessor-version":[{"id":342,"href":"https:\/\/www.fotografiadereciennacido.com\/index.php\/wp-json\/wp\/v2\/pages\/335\/revisions\/342"}],"wp:attachment":[{"href":"https:\/\/www.fotografiadereciennacido.com\/index.php\/wp-json\/wp\/v2\/media?parent=335"}],"curies":[{"name":"wp","href":"https:\/\/api.w.org\/{rel}","templated":true}]}}